{"id":26,"date":"2021-05-29T22:48:55","date_gmt":"2021-05-29T22:48:55","guid":{"rendered":"http:\/\/viuresobrerodes.cat\/?page_id=26"},"modified":"2023-02-11T13:05:13","modified_gmt":"2023-02-11T13:05:13","slug":"create-your-website-with-blocks","status":"publish","type":"page","link":"https:\/\/viuresobrerodes.cat\/","title":{"rendered":"VIURE SOBRE RODES"},"content":{"rendered":"\n<p class=\"has-text-align-center\"><strong><em>El fet de fer un canvi de vida radical i comen\u00e7ar a viure una vida n\u00f2mada de dilluns a divendres, b\u00e9 mereix bloguejar una mica. Sense cap pretensi\u00f3, compartirem el que es pugui amb totes i tots vosaltres.<\/em><\/strong><\/p>\n\n\n\n<div class=\"wp-block-cover alignwide is-style-default\"><span aria-hidden=\"true\" class=\"wp-block-cover__background has-background-dim-60 has-background-dim\" style=\"background-color:#585353\"><\/span><img loading=\"lazy\" decoding=\"async\" width=\"1600\" height=\"1071\" class=\"wp-block-cover__image-background wp-image-55\" alt=\"\" src=\"http:\/\/viuresobrerodes.cat\/wp-content\/uploads\/2021\/06\/DSC02057.jpg\" data-object-fit=\"cover\" srcset=\"https:\/\/viuresobrerodes.cat\/wp-content\/uploads\/2021\/06\/DSC02057.jpg 1600w, https:\/\/viuresobrerodes.cat\/wp-content\/uploads\/2021\/06\/DSC02057-300x201.jpg 300w, https:\/\/viuresobrerodes.cat\/wp-content\/uploads\/2021\/06\/DSC02057-1024x685.jpg 1024w, https:\/\/viuresobrerodes.cat\/wp-content\/uploads\/2021\/06\/DSC02057-768x514.jpg 768w, https:\/\/viuresobrerodes.cat\/wp-content\/uploads\/2021\/06\/DSC02057-1536x1028.jpg 1536w, https:\/\/viuresobrerodes.cat\/wp-content\/uploads\/2021\/06\/DSC02057-1568x1050.jpg 1568w\" sizes=\"auto, (max-width: 1600px) 100vw, 1600px\" \/><div class=\"wp-block-cover__inner-container is-layout-flow wp-block-cover-is-layout-flow\">\n<div style=\"height:75px\" aria-hidden=\"true\" class=\"wp-block-spacer\"><\/div>\n\n\n\n<div class=\"wp-block-columns is-style-default is-layout-flex wp-container-core-columns-is-layout-9d6595d7 wp-block-columns-is-layout-flex\">\n<div class=\"wp-block-column is-layout-flow wp-block-column-is-layout-flow\">\n<div class=\"wp-block-buttons is-horizontal is-content-justification-center is-layout-flex wp-container-core-buttons-is-layout-499968f5 wp-block-buttons-is-layout-flex\">\n<div class=\"wp-block-button is-style-fill\"><a class=\"wp-block-button__link has-background wp-element-button\" href=\"http:\/\/viuresobrerodes.cat\/?page_id=29\" style=\"background-color:#93162b\" target=\"_blank\" rel=\"noreferrer noopener\">ACC\u00c9S AL BLOG<\/a><\/div>\n<\/div>\n<\/div>\n<\/div>\n<\/div><\/div>\n\n\n\n\n<p class=\"alignwide wp-block-tag-cloud\"><a href=\"https:\/\/viuresobrerodes.cat\/?tag=finestres-de-la-cia-marti_natzo\" class=\"tag-cloud-link tag-link-334 tag-link-position-1\" style=\"font-size: 8pt;\" aria-label=\"&quot;Finestres&quot; de la Cia. @marti_natzo (1 element)\">&quot;Finestres&quot; de la Cia. @marti_natzo<span class=\"tag-link-count\"> (1)<\/span><\/a>\n<a href=\"https:\/\/viuresobrerodes.cat\/?tag=aragnouet\" class=\"tag-cloud-link tag-link-57 tag-link-position-2\" style=\"font-size: 10.423076923077pt;\" aria-label=\"Aragnouet (2 elements)\">Aragnouet<span class=\"tag-link-count\"> (2)<\/span><\/a>\n<a href=\"https:\/\/viuresobrerodes.cat\/?tag=autocaravana\" class=\"tag-cloud-link tag-link-94 tag-link-position-3\" style=\"font-size: 20.923076923077pt;\" aria-label=\"Autocaravana (17 elements)\">Autocaravana<span class=\"tag-link-count\"> (17)<\/span><\/a>\n<a href=\"https:\/\/viuresobrerodes.cat\/?tag=auto-sefd-73\" class=\"tag-cloud-link tag-link-95 tag-link-position-4\" style=\"font-size: 13.384615384615pt;\" aria-label=\"Auto Sefd 73 (4 elements)\">Auto Sefd 73<span class=\"tag-link-count\"> (4)<\/span><\/a>\n<a href=\"https:\/\/viuresobrerodes.cat\/?tag=autosuministres-motor\" class=\"tag-cloud-link tag-link-23 tag-link-position-5\" style=\"font-size: 15.403846153846pt;\" aria-label=\"AutoSuministres Motor (6 elements)\">AutoSuministres Motor<span class=\"tag-link-count\"> (6)<\/span><\/a>\n<a href=\"https:\/\/viuresobrerodes.cat\/?tag=baix-llobregat\" class=\"tag-cloud-link tag-link-82 tag-link-position-6\" style=\"font-size: 20.923076923077pt;\" aria-label=\"Baix Llobregat (17 elements)\">Baix Llobregat<span class=\"tag-link-count\"> (17)<\/span><\/a>\n<a href=\"https:\/\/viuresobrerodes.cat\/?tag=balaguer\" class=\"tag-cloud-link tag-link-321 tag-link-position-7\" style=\"font-size: 12.038461538462pt;\" aria-label=\"Balaguer (3 elements)\">Balaguer<span class=\"tag-link-count\"> (3)<\/span><\/a>\n<a href=\"https:\/\/viuresobrerodes.cat\/?tag=banyoles\" class=\"tag-cloud-link tag-link-49 tag-link-position-8\" style=\"font-size: 10.423076923077pt;\" aria-label=\"Banyoles (2 elements)\">Banyoles<span class=\"tag-link-count\"> (2)<\/span><\/a>\n<a href=\"https:\/\/viuresobrerodes.cat\/?tag=bar-restaurant-pirineu\" class=\"tag-cloud-link tag-link-346 tag-link-position-9\" style=\"font-size: 8pt;\" aria-label=\"Bar restaurant Pirineu (1 element)\">Bar restaurant Pirineu<span class=\"tag-link-count\"> (1)<\/span><\/a>\n<a href=\"https:\/\/viuresobrerodes.cat\/?tag=cambrils\" class=\"tag-cloud-link tag-link-137 tag-link-position-10\" style=\"font-size: 10.423076923077pt;\" aria-label=\"Cambrils (2 elements)\">Cambrils<span class=\"tag-link-count\"> (2)<\/span><\/a>\n<a href=\"https:\/\/viuresobrerodes.cat\/?tag=carado-v132\" class=\"tag-cloud-link tag-link-63 tag-link-position-11\" style=\"font-size: 20.923076923077pt;\" aria-label=\"Carado V132 (17 elements)\">Carado V132<span class=\"tag-link-count\"> (17)<\/span><\/a>\n<a href=\"https:\/\/viuresobrerodes.cat\/?tag=cubells\" class=\"tag-cloud-link tag-link-206 tag-link-position-12\" style=\"font-size: 10.423076923077pt;\" aria-label=\"Cubells (2 elements)\">Cubells<span class=\"tag-link-count\"> (2)<\/span><\/a>\n<a href=\"https:\/\/viuresobrerodes.cat\/?tag=camping-el-llac\" class=\"tag-cloud-link tag-link-50 tag-link-position-13\" style=\"font-size: 10.423076923077pt;\" aria-label=\"C\u00e0mping el llac (2 elements)\">C\u00e0mping el llac<span class=\"tag-link-count\"> (2)<\/span><\/a>\n<a href=\"https:\/\/viuresobrerodes.cat\/?tag=dingo-efi-125-classic-cl\" class=\"tag-cloud-link tag-link-19 tag-link-position-14\" style=\"font-size: 12.038461538462pt;\" aria-label=\"Dingo EFI 125 Classic CL (3 elements)\">Dingo EFI 125 Classic CL<span class=\"tag-link-count\"> (3)<\/span><\/a>\n<a href=\"https:\/\/viuresobrerodes.cat\/?tag=el-barat-1881\" class=\"tag-cloud-link tag-link-335 tag-link-position-15\" style=\"font-size: 8pt;\" aria-label=\"El Barat 1881 (1 element)\">El Barat 1881<span class=\"tag-link-count\"> (1)<\/span><\/a>\n<a href=\"https:\/\/viuresobrerodes.cat\/?tag=festa-de-la-cirera-de-sant-climent-de-llobregat\" class=\"tag-cloud-link tag-link-341 tag-link-position-16\" style=\"font-size: 8pt;\" aria-label=\"Festa de la cirera de Sant Climent de Llobregat (1 element)\">Festa de la cirera de Sant Climent de Llobregat<span class=\"tag-link-count\"> (1)<\/span><\/a>\n<a href=\"https:\/\/viuresobrerodes.cat\/?tag=figueres\" class=\"tag-cloud-link tag-link-105 tag-link-position-17\" style=\"font-size: 10.423076923077pt;\" aria-label=\"Figueres (2 elements)\">Figueres<span class=\"tag-link-count\"> (2)<\/span><\/a>\n<a href=\"https:\/\/viuresobrerodes.cat\/?tag=fresh-laundry\" class=\"tag-cloud-link tag-link-113 tag-link-position-18\" style=\"font-size: 10.423076923077pt;\" aria-label=\"FRESH\u00a0LAUNDRY (2 elements)\">FRESH\u00a0LAUNDRY<span class=\"tag-link-count\"> (2)<\/span><\/a>\n<a href=\"https:\/\/viuresobrerodes.cat\/?tag=honda-cb-300-r\" class=\"tag-cloud-link tag-link-72 tag-link-position-19\" style=\"font-size: 18.903846153846pt;\" aria-label=\"Honda CB 300 R (12 elements)\">Honda CB 300 R<span class=\"tag-link-count\"> (12)<\/span><\/a>\n<a href=\"https:\/\/viuresobrerodes.cat\/?tag=la-fira-trapezi\" class=\"tag-cloud-link tag-link-333 tag-link-position-20\" style=\"font-size: 8pt;\" aria-label=\"La Fira TRAPEZI (1 element)\">La Fira TRAPEZI<span class=\"tag-link-count\"> (1)<\/span><\/a>\n<a href=\"https:\/\/viuresobrerodes.cat\/?tag=la-noguera\" class=\"tag-cloud-link tag-link-68 tag-link-position-21\" style=\"font-size: 22pt;\" aria-label=\"La Noguera (21 elements)\">La Noguera<span class=\"tag-link-count\"> (21)<\/span><\/a>\n<a href=\"https:\/\/viuresobrerodes.cat\/?tag=la-pobla-de-segur\" class=\"tag-cloud-link tag-link-345 tag-link-position-22\" style=\"font-size: 8pt;\" aria-label=\"La Pobla de Segur (1 element)\">La Pobla de Segur<span class=\"tag-link-count\"> (1)<\/span><\/a>\n<a href=\"https:\/\/viuresobrerodes.cat\/?tag=llo\" class=\"tag-cloud-link tag-link-363 tag-link-position-23\" style=\"font-size: 8pt;\" aria-label=\"Llo (1 element)\">Llo<span class=\"tag-link-count\"> (1)<\/span><\/a>\n<a href=\"https:\/\/viuresobrerodes.cat\/?tag=micasaconruedas\" class=\"tag-cloud-link tag-link-76 tag-link-position-24\" style=\"font-size: 10.423076923077pt;\" aria-label=\"Micasaconruedas (2 elements)\">Micasaconruedas<span class=\"tag-link-count\"> (2)<\/span><\/a>\n<a href=\"https:\/\/viuresobrerodes.cat\/?tag=monestir-de-vallbona-de-les-monges\" class=\"tag-cloud-link tag-link-330 tag-link-position-25\" style=\"font-size: 8pt;\" aria-label=\"Monestir de Vallbona de les Monges (1 element)\">Monestir de Vallbona de les Monges<span class=\"tag-link-count\"> (1)<\/span><\/a>\n<a href=\"https:\/\/viuresobrerodes.cat\/?tag=mora-debre\" class=\"tag-cloud-link tag-link-135 tag-link-position-26\" style=\"font-size: 10.423076923077pt;\" aria-label=\"Mora d&#039;Ebre (2 elements)\">Mora d&#039;Ebre<span class=\"tag-link-count\"> (2)<\/span><\/a>\n<a href=\"https:\/\/viuresobrerodes.cat\/?tag=parc-sama\" class=\"tag-cloud-link tag-link-337 tag-link-position-27\" style=\"font-size: 8pt;\" aria-label=\"Parc\u00a0Sam\u00e0 (1 element)\">Parc\u00a0Sam\u00e0<span class=\"tag-link-count\"> (1)<\/span><\/a>\n<a href=\"https:\/\/viuresobrerodes.cat\/?tag=pla-de-beret\" class=\"tag-cloud-link tag-link-30 tag-link-position-28\" style=\"font-size: 10.423076923077pt;\" aria-label=\"Pla de Beret (2 elements)\">Pla de Beret<span class=\"tag-link-count\"> (2)<\/span><\/a>\n<a href=\"https:\/\/viuresobrerodes.cat\/?tag=porqueres\" class=\"tag-cloud-link tag-link-48 tag-link-position-29\" style=\"font-size: 10.423076923077pt;\" aria-label=\"Porqueres (2 elements)\">Porqueres<span class=\"tag-link-count\"> (2)<\/span><\/a>\n<a href=\"https:\/\/viuresobrerodes.cat\/?tag=pplucaravanonline\" class=\"tag-cloud-link tag-link-343 tag-link-position-30\" style=\"font-size: 8pt;\" aria-label=\"Pplucaravanonline (1 element)\">Pplucaravanonline<span class=\"tag-link-count\"> (1)<\/span><\/a>\n<a href=\"https:\/\/viuresobrerodes.cat\/?tag=parquing-de-llo\" class=\"tag-cloud-link tag-link-364 tag-link-position-31\" style=\"font-size: 8pt;\" aria-label=\"p\u00e0rquing de Llo (1 element)\">p\u00e0rquing de Llo<span class=\"tag-link-count\"> (1)<\/span><\/a>\n<a href=\"https:\/\/viuresobrerodes.cat\/?tag=reus\" class=\"tag-cloud-link tag-link-136 tag-link-position-32\" style=\"font-size: 10.423076923077pt;\" aria-label=\"Reus (2 elements)\">Reus<span class=\"tag-link-count\"> (2)<\/span><\/a>\n<a href=\"https:\/\/viuresobrerodes.cat\/?tag=ribera-debre\" class=\"tag-cloud-link tag-link-340 tag-link-position-33\" style=\"font-size: 8pt;\" aria-label=\"Ribera d&#039;Ebre (1 element)\">Ribera d&#039;Ebre<span class=\"tag-link-count\"> (1)<\/span><\/a>\n<a href=\"https:\/\/viuresobrerodes.cat\/?tag=santa-margarida-i-els-monjos\" class=\"tag-cloud-link tag-link-115 tag-link-position-34\" style=\"font-size: 13.384615384615pt;\" aria-label=\"Santa Margarida i els Monjos (4 elements)\">Santa Margarida i els Monjos<span class=\"tag-link-count\"> (4)<\/span><\/a>\n<a href=\"https:\/\/viuresobrerodes.cat\/?tag=sant-climent-de-llobregat\" class=\"tag-cloud-link tag-link-342 tag-link-position-35\" style=\"font-size: 8pt;\" aria-label=\"Sant Climent de Llobregat (1 element)\">Sant Climent de Llobregat<span class=\"tag-link-count\"> (1)<\/span><\/a>\n<a href=\"https:\/\/viuresobrerodes.cat\/?tag=tren-dels-llacs\" class=\"tag-cloud-link tag-link-344 tag-link-position-36\" style=\"font-size: 8pt;\" aria-label=\"Tren dels Llacs (1 element)\">Tren dels Llacs<span class=\"tag-link-count\"> (1)<\/span><\/a>\n<a href=\"https:\/\/viuresobrerodes.cat\/?tag=tren-groc-de-la-cerdanya\" class=\"tag-cloud-link tag-link-347 tag-link-position-37\" style=\"font-size: 8pt;\" aria-label=\"Tren Groc de la Cerdanya (1 element)\">Tren Groc de la Cerdanya<span class=\"tag-link-count\"> (1)<\/span><\/a>\n<a href=\"https:\/\/viuresobrerodes.cat\/?tag=vallbona-de-les-monges\" class=\"tag-cloud-link tag-link-329 tag-link-position-38\" style=\"font-size: 8pt;\" aria-label=\"Vallbona de les Monges (1 element)\">Vallbona de les Monges<span class=\"tag-link-count\"> (1)<\/span><\/a>\n<a href=\"https:\/\/viuresobrerodes.cat\/?tag=vic\" class=\"tag-cloud-link tag-link-123 tag-link-position-39\" style=\"font-size: 13.384615384615pt;\" aria-label=\"Vic (4 elements)\">Vic<span class=\"tag-link-count\"> (4)<\/span><\/a>\n<a href=\"https:\/\/viuresobrerodes.cat\/?tag=vilafranca-del-penedes\" class=\"tag-cloud-link tag-link-69 tag-link-position-40\" style=\"font-size: 13.384615384615pt;\" aria-label=\"Vilafranca del Pened\u00e8s (4 elements)\">Vilafranca del Pened\u00e8s<span class=\"tag-link-count\"> (4)<\/span><\/a>\n<a href=\"https:\/\/viuresobrerodes.cat\/?tag=vinyols-i-els-arcs\" class=\"tag-cloud-link tag-link-138 tag-link-position-41\" style=\"font-size: 10.423076923077pt;\" aria-label=\"Vinyols i els Arcs (2 elements)\">Vinyols i els Arcs<span class=\"tag-link-count\"> (2)<\/span><\/a>\n<a href=\"https:\/\/viuresobrerodes.cat\/?tag=area-bonarea\" class=\"tag-cloud-link tag-link-332 tag-link-position-42\" style=\"font-size: 8pt;\" aria-label=\"\u00c0rea Bon\u00c0rea (1 element)\">\u00c0rea Bon\u00c0rea<span class=\"tag-link-count\"> (1)<\/span><\/a>\n<a href=\"https:\/\/viuresobrerodes.cat\/?tag=area-daurocaravanes-de-vinyols-i-els-arcs\" class=\"tag-cloud-link tag-link-336 tag-link-position-43\" style=\"font-size: 8pt;\" aria-label=\"\u00c0rea d&#039;aurocaravanes de Vinyols i els Arcs (1 element)\">\u00c0rea d&#039;aurocaravanes de Vinyols i els Arcs<span class=\"tag-link-count\"> (1)<\/span><\/a>\n<a href=\"https:\/\/viuresobrerodes.cat\/?tag=area-dautocaravanes-de-flix\" class=\"tag-cloud-link tag-link-339 tag-link-position-44\" style=\"font-size: 8pt;\" aria-label=\"\u00c0rea d&#039;autocaravanes de Flix (1 element)\">\u00c0rea d&#039;autocaravanes de Flix<span class=\"tag-link-count\"> (1)<\/span><\/a>\n<a href=\"https:\/\/viuresobrerodes.cat\/?tag=area-dautocaravanes-de-vallbona-de-les-monges\" class=\"tag-cloud-link tag-link-331 tag-link-position-45\" style=\"font-size: 8pt;\" aria-label=\"\u00c0rea d&#039;autocaravanes de Vallbona de les Monges (1 element)\">\u00c0rea d&#039;autocaravanes de Vallbona de les Monges<span class=\"tag-link-count\"> (1)<\/span><\/a><\/p>\n\n\n<div style=\"height:50px\" aria-hidden=\"true\" class=\"wp-block-spacer\"><\/div>\n","protected":false},"excerpt":{"rendered":"<p>El fet de fer un canvi de vida radical i comen\u00e7ar a viure una vida n\u00f2mada de dilluns a divendres, b\u00e9 mereix bloguejar una mica. Sense cap pretensi\u00f3, compartirem el que es pugui amb totes i tots vosaltres.<\/p>\n","protected":false},"author":1,"featured_media":0,"parent":0,"menu_order":0,"comment_status":"closed","ping_status":"closed","template":"","meta":{"footnotes":""},"class_list":["post-26","page","type-page","status-publish","hentry"],"jetpack_sharing_enabled":true,"_links":{"self":[{"href":"https:\/\/viuresobrerodes.cat\/index.php?rest_route=\/wp\/v2\/pages\/26","targetHints":{"allow":["GET"]}}],"collection":[{"href":"https:\/\/viuresobrerodes.cat\/index.php?rest_route=\/wp\/v2\/pages"}],"about":[{"href":"https:\/\/viuresobrerodes.cat\/index.php?rest_route=\/wp\/v2\/types\/page"}],"author":[{"embeddable":true,"href":"https:\/\/viuresobrerodes.cat\/index.php?rest_route=\/wp\/v2\/users\/1"}],"replies":[{"embeddable":true,"href":"https:\/\/viuresobrerodes.cat\/index.php?rest_route=%2Fwp%2Fv2%2Fcomments&post=26"}],"version-history":[{"count":15,"href":"https:\/\/viuresobrerodes.cat\/index.php?rest_route=\/wp\/v2\/pages\/26\/revisions"}],"predecessor-version":[{"id":836,"href":"https:\/\/viuresobrerodes.cat\/index.php?rest_route=\/wp\/v2\/pages\/26\/revisions\/836"}],"wp:attachment":[{"href":"https:\/\/viuresobrerodes.cat\/index.php?rest_route=%2Fwp%2Fv2%2Fmedia&parent=26"}],"curies":[{"name":"wp","href":"https:\/\/api.w.org\/{rel}","templated":true}]}}